{"id":210295,"date":"2018-07-04T10:06:37","date_gmt":"2018-07-04T10:06:37","guid":{"rendered":"https:\/\/www.irbis.cat\/project\/plan-especial-de-proteccion-de-los-bienes-arqueologicos-medioambientales-y-arquitectonicos-de-sabadell\/"},"modified":"2024-01-08T10:40:27","modified_gmt":"2024-01-08T10:40:27","slug":"plan-especial-de-proteccion-de-los-bienes-arqueologicos-medioambientales-y-arquitectonicos-de-sabadell","status":"publish","type":"project","link":"https:\/\/www.irbis.cat\/es\/project\/plan-especial-de-proteccion-de-los-bienes-arqueologicos-medioambientales-y-arquitectonicos-de-sabadell\/","title":{"rendered":"Plan especial de protecci\u00f3n de los bienes arqueol\u00f3gicos, medioambientales y arquitect\u00f3nicos de Sabadell"},"content":{"rendered":"<p>[et_pb_section bb_built=\u00bb1&#8243; admin_label=\u00bbHeader Section\u00bb disabled_on=\u00bboff|off|off\u00bb _builder_version=\u00bb3.0.51&#8243; background_color=\u00bb#ffffff\u00bb use_background_color_gradient=\u00bbon\u00bb background_color_gradient_start=\u00bbrgba(0,0,0,0.89)\u00bb background_color_gradient_end=\u00bb#474747&#8243; background_color_gradient_direction=\u00bb131deg\u00bb background_image=\u00bbhttps:\/\/www.irbis.cat\/wp-content\/uploads\/2017\/07\/parc-tres-turons-irbis.jpg\u00bb background_position=\u00bbtop_center\u00bb background_blend=\u00bboverlay\u00bb custom_padding=\u00bb0px||0px|\u00bb custom_padding_tablet=\u00bb0px||0px|\u00bb padding_mobile=\u00bbon\u00bb collapsed=\u00bbon\u00bb next_background_color=\u00bb#ffffff\u00bb][et_pb_row admin_label=\u00bbrow\u00bb custom_padding=\u00bb5.5%||2.5%|\u00bb custom_padding_phone=\u00bb36px||36px|\u00bb column_padding_mobile=\u00bbon\u00bb custom_padding_last_edited=\u00bbon|desktop\u00bb parallax_method_1=\u00bboff\u00bb parallax_method_2=\u00bboff\u00bb background_position_1=\u00bbtop_left\u00bb background_repeat_1=\u00bbno-repeat\u00bb _builder_version=\u00bb3.0.51&#8243; background_size=\u00bbinitial\u00bb background_position=\u00bbtop_left\u00bb background_repeat=\u00bbrepeat\u00bb][et_pb_column type=\u00bb4_4&#8243;][et_pb_text admin_label=\u00bbPreheader\u00bb _builder_version=\u00bb3.0.51&#8243; text_text_color=\u00bb#10a31c\u00bb text_font_size=\u00bb26&#8243; text_font_size_tablet=\u00bb16&#8243; text_font_size_phone=\u00bb14&#8243; text_font_size_last_edited=\u00bbon|desktop\u00bb background_size=\u00bbinitial\u00bb background_position=\u00bbtop_left\u00bb background_repeat=\u00bbrepeat\u00bb background_layout=\u00bbdark\u00bb custom_margin=\u00bb||35px|\u00bb custom_css_main_element=\u00bbfont-weight:600;\u00bb]<\/p>\n<p>Proyecto<\/p>\n<p>[\/et_pb_text][et_pb_text admin_label=\u00bbTitle\u00bb _builder_version=\u00bb3.2.2&#8243; text_font_size=\u00bb62&#8243; text_font_size_tablet=\u00bb35&#8243; text_font_size_phone=\u00bb25&#8243; text_font_size_last_edited=\u00bbon|desktop\u00bb header_font_size=\u00bb65px\u00bb header_font_size_tablet=\u00bb45px\u00bb header_font_size_last_edited=\u00bbon|phone\u00bb background_size=\u00bbinitial\u00bb background_position=\u00bbtop_left\u00bb background_repeat=\u00bbrepeat\u00bb background_layout=\u00bbdark\u00bb max_width_last_edited=\u00bbon|phone\u00bb custom_margin=\u00bb||42px|\u00bb custom_css_main_element=\u00bbfont-weight:900!important;\u00bb]<\/p>\n<h1>Plan especial de protecci\u00f3n de los bienes arqueol\u00f3gicos, medioambientales y arquitect\u00f3nicos de Sabadell<\/h1>\n<p>[\/et_pb_text][et_pb_text admin_label=\u00bbSubheader\u00bb _builder_version=\u00bb3.2.2&#8243; text_text_color=\u00bb#a7a7a7&#8243; text_font_size=\u00bb21&#8243; background_size=\u00bbinitial\u00bb background_position=\u00bbtop_left\u00bb background_repeat=\u00bbrepeat\u00bb background_layout=\u00bbdark\u00bb max_width=\u00bb800px\u00bb custom_margin=\u00bb0px||40px|\u00bb custom_margin_tablet=\u00bb0px||38px|\u00bb custom_margin_last_edited=\u00bbon|desktop\u00bb custom_css_main_element=\u00bbfont-weight: 400;\u00bb]<\/p>\n<p>2016<\/p>\n<p>[\/et_pb_text][\/et_pb_column][\/et_pb_row][\/et_pb_section][et_pb_section bb_built=\u00bb1&#8243; admin_label=\u00bbDepartments\u00bb _builder_version=\u00bb3.0.47&#8243; collapsed=\u00bbon\u00bb prev_background_color=\u00bb#000000&#8243;][et_pb_row background_position_1=\u00bbtop_left\u00bb background_position_2=\u00bbtop_left\u00bb background_repeat_1=\u00bbno-repeat\u00bb background_repeat_2=\u00bbno-repeat\u00bb module_class_1=\u00bbmp_blurb_column\u00bb _builder_version=\u00bb3.0.51&#8243; background_size=\u00bbinitial\u00bb background_position=\u00bbtop_left\u00bb background_repeat=\u00bbrepeat\u00bb][et_pb_column type=\u00bb1_2&#8243;][et_pb_text admin_label=\u00bbHeader\u00bb _builder_version=\u00bb3.2.2&#8243; text_font_size=\u00bb45&#8243; text_font_size_tablet=\u00bb35&#8243; text_font_size_phone=\u00bb25&#8243; text_font_size_last_edited=\u00bboff|phone\u00bb text_line_height=\u00bb1.4em\u00bb header_font_size=\u00bb45&#8243; header_font_size_last_edited=\u00bboff|desktop\u00bb background_size=\u00bbinitial\u00bb background_position=\u00bbtop_left\u00bb background_repeat=\u00bbrepeat\u00bb max_width_last_edited=\u00bbon|phone\u00bb custom_margin=\u00bb||10px|\u00bb custom_css_main_element=\u00bbfont-weight:900!important;\u00bb]<\/p>\n<h2>Documento urban\u00edstico y evaluaci\u00f3n ambiental estrat\u00e9gica<\/h2>\n<p>[\/et_pb_text][et_pb_divider admin_label=\u00bbDivider (left)\u00bb divider_position=\u00bbcenter\u00bb divider_weight=\u00bb2&#8243; disabled_on=\u00bboff\u00bb _builder_version=\u00bb3.2&#8243; custom_css_before=\u00bbwidth: 100px;\u00bb hide_on_mobile=\u00bboff\u00bb \/][et_pb_text admin_label=\u00bbSubheader\u00bb _builder_version=\u00bb3.2.2&#8243; background_size=\u00bbinitial\u00bb background_position=\u00bbtop_left\u00bb background_repeat=\u00bbrepeat\u00bb max_width=\u00bb720px\u00bb custom_margin=\u00bb0px||40px|\u00bb custom_margin_tablet=\u00bb0px||38px|\u00bb custom_margin_last_edited=\u00bbon|phone\u00bb custom_css_main_element=\u00bbfont-weight:300;\u00bb]<\/p>\n<p>El objeto de este Plan especial es el establecimiento de todas aquellas determinaciones y medidas necesarias para la adecuada preservaci\u00f3n, fomento, restauraci\u00f3n, intervenci\u00f3n y gesti\u00f3n de los bienes arqueol\u00f3gicos, paisaj\u00edsticos, naturales y arquitect\u00f3nicos que constituyen el patrimonio del municipio de Sabadell .<\/p>\n<p>[\/et_pb_text][et_pb_blurb title=\u00bbEncargado per\u00bb use_icon=\u00bbon\u00bb font_icon=\u00bb%%115%%\u00bb icon_color=\u00bb#ffffff\u00bb use_circle=\u00bbon\u00bb use_circle_border=\u00bbon\u00bb icon_placement=\u00bbleft\u00bb use_icon_font_size=\u00bbon\u00bb icon_font_size=\u00bb30px\u00bb module_class=\u00bbmp_blurb_icon_hover\u00bb _builder_version=\u00bb3.2.2&#8243; header_text_color=\u00bb#10a31c\u00bb body_text_color=\u00bb#666a74&#8243; animation=\u00bboff\u00bb custom_css_blurb_image=\u00bbtext-align: left;||margin-bottom: 8px;\u00bb custom_css_blurb_title=\u00bbfont-weight: 700;\u00bb custom_css_blurb_content=\u00bbfont-weight:300;\u00bb]<\/p>\n<p>Ajuntament de Sabadell<\/p>\n<p>[\/et_pb_blurb][\/et_pb_column][et_pb_column type=\u00bb1_2&#8243;][et_pb_divider show_divider=\u00bboff\u00bb height=\u00bb130px\u00bb disabled_on=\u00bbon|on|off\u00bb _builder_version=\u00bb3.2&#8243; \/][et_pb_image src=\u00bbhttps:\/\/www.irbis.cat\/wp-content\/uploads\/2018\/06\/pe-122trp2.jpg\u00bb disabled_on=\u00bbon|on|\u00bb _builder_version=\u00bb3.2.2&#8243; animation=\u00bboff\u00bb \/][\/et_pb_column][\/et_pb_row][\/et_pb_section]<\/p>\n","protected":false},"excerpt":{"rendered":"<p>El objeto de este Plan especial es el establecimiento de todas aquellas determinaciones y medidas necesarias para la preservaci\u00f3n, fomento, restauraci\u00f3n&#8230; que constituyen el patrimonio del municipio de Sabadell<\/p>\n","protected":false},"author":1,"featured_media":210214,"comment_status":"closed","ping_status":"closed","template":"","meta":{"_et_pb_use_builder":"on","_et_pb_old_content":"","_et_gb_content_width":""},"project_category":[42,87,37,36],"project_tag":[],"_links":{"self":[{"href":"https:\/\/www.irbis.cat\/es\/wp-json\/wp\/v2\/project\/210295"}],"collection":[{"href":"https:\/\/www.irbis.cat\/es\/wp-json\/wp\/v2\/project"}],"about":[{"href":"https:\/\/www.irbis.cat\/es\/wp-json\/wp\/v2\/types\/project"}],"author":[{"embeddable":true,"href":"https:\/\/www.irbis.cat\/es\/wp-json\/wp\/v2\/users\/1"}],"replies":[{"embeddable":true,"href":"https:\/\/www.irbis.cat\/es\/wp-json\/wp\/v2\/comments?post=210295"}],"version-history":[{"count":14,"href":"https:\/\/www.irbis.cat\/es\/wp-json\/wp\/v2\/project\/210295\/revisions"}],"predecessor-version":[{"id":213842,"href":"https:\/\/www.irbis.cat\/es\/wp-json\/wp\/v2\/project\/210295\/revisions\/213842"}],"wp:featuredmedia":[{"embeddable":true,"href":"https:\/\/www.irbis.cat\/es\/wp-json\/wp\/v2\/media\/210214"}],"wp:attachment":[{"href":"https:\/\/www.irbis.cat\/es\/wp-json\/wp\/v2\/media?parent=210295"}],"wp:term":[{"taxonomy":"project_category","embeddable":true,"href":"https:\/\/www.irbis.cat\/es\/wp-json\/wp\/v2\/project_category?post=210295"},{"taxonomy":"project_tag","embeddable":true,"href":"https:\/\/www.irbis.cat\/es\/wp-json\/wp\/v2\/project_tag?post=210295"}],"curies":[{"name":"wp","href":"https:\/\/api.w.org\/{rel}","templated":true}]}}