{"id":209293,"date":"2017-10-11T07:36:49","date_gmt":"2017-10-11T07:36:49","guid":{"rendered":"https:\/\/www.irbis.cat\/project\/estudio-para-la-recuperacion-paisajistica-del-rio-ripoll\/"},"modified":"2024-01-08T10:28:43","modified_gmt":"2024-01-08T10:28:43","slug":"estudio-para-la-recuperacion-paisajistica-del-rio-ripoll","status":"publish","type":"project","link":"https:\/\/www.irbis.cat\/es\/project\/estudio-para-la-recuperacion-paisajistica-del-rio-ripoll\/","title":{"rendered":"Estudio para la recuperaci\u00f3n paisaj\u00edstica del riu Ripoll"},"content":{"rendered":"<p>[et_pb_section fb_built=\u00bb1&#8243; disabled_on=\u00bboff|off|off\u00bb admin_label=\u00bbHeader Section\u00bb _builder_version=\u00bb4.16&#8243; background_color=\u00bb#ffffff\u00bb use_background_color_gradient=\u00bbon\u00bb background_color_gradient_direction=\u00bb131deg\u00bb background_color_gradient_stops=\u00bbrgba(0,0,0,0.89) 0%|#474747 100%\u00bb background_color_gradient_start=\u00bbrgba(0,0,0,0.89)\u00bb background_color_gradient_end=\u00bb#474747&#8243; background_image=\u00bbhttps:\/\/www.irbis.cat\/wp-content\/uploads\/2017\/07\/parc-tres-turons-irbis.jpg\u00bb background_position=\u00bbtop_center\u00bb background_blend=\u00bboverlay\u00bb custom_padding=\u00bb0px||0px|\u00bb custom_padding_tablet=\u00bb0px||0px|\u00bb padding_mobile=\u00bbon\u00bb collapsed=\u00bbon\u00bb global_colors_info=\u00bb{}\u00bb][et_pb_row column_padding_mobile=\u00bbon\u00bb custom_padding_last_edited=\u00bbon|desktop\u00bb admin_label=\u00bbrow\u00bb _builder_version=\u00bb4.16&#8243; background_size=\u00bbinitial\u00bb background_position=\u00bbtop_left\u00bb background_repeat=\u00bbrepeat\u00bb custom_padding=\u00bb5.5%||2%|\u00bb custom_padding_tablet=\u00bb\u00bb custom_padding_phone=\u00bb36px||36px|\u00bb global_colors_info=\u00bb{}\u00bb][et_pb_column type=\u00bb4_4&#8243; _builder_version=\u00bb4.16&#8243; background_position=\u00bbtop_left\u00bb custom_padding=\u00bb|||\u00bb global_colors_info=\u00bb{}\u00bb custom_padding__hover=\u00bb|||\u00bb][et_pb_text admin_label=\u00bbPreheader\u00bb _builder_version=\u00bb4.16&#8243; text_text_color=\u00bb#10a31c\u00bb text_font_size=\u00bb26&#8243; background_size=\u00bbinitial\u00bb background_position=\u00bbtop_left\u00bb background_repeat=\u00bbrepeat\u00bb background_layout=\u00bbdark\u00bb custom_margin=\u00bb||35px|\u00bb text_font_size_tablet=\u00bb16&#8243; text_font_size_phone=\u00bb14&#8243; text_font_size_last_edited=\u00bbon|desktop\u00bb custom_css_main_element=\u00bbfont-weight:600;\u00bb global_colors_info=\u00bb{}\u00bb]Proyecto<br \/>\n[\/et_pb_text][et_pb_text admin_label=\u00bbTitle\u00bb _builder_version=\u00bb4.20.2&#8243; text_font_size=\u00bb62&#8243; text_line_height=\u00bb1em\u00bb background_size=\u00bbinitial\u00bb background_position=\u00bbtop_left\u00bb background_repeat=\u00bbrepeat\u00bb background_layout=\u00bbdark\u00bb max_width_tablet=\u00bb\u00bb max_width_phone=\u00bb\u00bb max_width_last_edited=\u00bbon|phone\u00bb custom_margin=\u00bb||42px|\u00bb hover_enabled=\u00bb0&#8243; text_font_size_tablet=\u00bb35&#8243; text_font_size_phone=\u00bb25&#8243; text_font_size_last_edited=\u00bbon|desktop\u00bb header_font_size_last_edited=\u00bbon|tablet\u00bb custom_css_main_element=\u00bbfont-weight:900!important;\u00bb global_colors_info=\u00bb{}\u00bb header_font_size=\u00bb62px\u00bb sticky_enabled=\u00bb0&#8243; header_font_size_phone=\u00bb25px\u00bb header_font_size_tablet=\u00bb35px\u00bb]<\/p>\n<h1>Estudio para la recuperaci\u00f3n paisaj\u00edstica del riu Ripoll.<\/h1>\n<p>[\/et_pb_text][et_pb_text admin_label=\u00bbSubheader\u00bb _builder_version=\u00bb4.16&#8243; text_text_color=\u00bb#a7a7a7&#8243; text_font_size=\u00bb21&#8243; background_size=\u00bbinitial\u00bb background_position=\u00bbtop_left\u00bb background_repeat=\u00bbrepeat\u00bb background_layout=\u00bbdark\u00bb max_width=\u00bb800px\u00bb custom_margin=\u00bb0px||40px|\u00bb custom_margin_tablet=\u00bb0px||38px|\u00bb custom_margin_phone=\u00bb\u00bb custom_margin_last_edited=\u00bbon|desktop\u00bb custom_css_main_element=\u00bbfont-weight: 400;\u00bb global_colors_info=\u00bb{}\u00bb]Propuestas de recuperaci\u00f3n y mejora paisaj\u00edstica del espacio fluvial<br \/>\n2010<br \/>\n[\/et_pb_text][\/et_pb_column][\/et_pb_row][\/et_pb_section][et_pb_section fb_built=\u00bb1&#8243; admin_label=\u00bbDepartments\u00bb _builder_version=\u00bb4.16&#8243; custom_padding=\u00bb54px|0px|54px|0px\u00bb collapsed=\u00bbon\u00bb global_colors_info=\u00bb{}\u00bb][et_pb_row _builder_version=\u00bb4.16&#8243; background_size=\u00bbinitial\u00bb background_position=\u00bbtop_left\u00bb background_repeat=\u00bbrepeat\u00bb global_colors_info=\u00bb{}\u00bb column_structure=\u00bb1_2,1_2&#8243;][et_pb_column type=\u00bb1_2&#8243; module_class=\u00bbmp_blurb_column\u00bb _builder_version=\u00bb4.16&#8243; background_position=\u00bbtop_left\u00bb custom_padding=\u00bb|||\u00bb global_colors_info=\u00bb{}\u00bb custom_padding__hover=\u00bb|||\u00bb][et_pb_text admin_label=\u00bbHeader\u00bb _builder_version=\u00bb4.16&#8243; text_font_size=\u00bb45&#8243; text_line_height=\u00bb1.4em\u00bb header_font_size=\u00bb45&#8243; background_size=\u00bbinitial\u00bb background_position=\u00bbtop_left\u00bb background_repeat=\u00bbrepeat\u00bb max_width_tablet=\u00bb\u00bb max_width_phone=\u00bb\u00bb max_width_last_edited=\u00bbon|phone\u00bb custom_margin=\u00bb||10px|\u00bb text_font_size_tablet=\u00bb35&#8243; text_font_size_phone=\u00bb25&#8243; text_font_size_last_edited=\u00bboff|phone\u00bb header_font_size_last_edited=\u00bboff|desktop\u00bb custom_css_main_element=\u00bbfont-weight:900!important;\u00bb global_colors_info=\u00bb{}\u00bb]Recuperaci\u00f3n paisaj\u00edstica<br \/>\n[\/et_pb_text][et_pb_divider divider_position=\u00bbcenter\u00bb divider_weight=\u00bb2&#8243; disabled_on=\u00bboff\u00bb admin_label=\u00bbDivider (left)\u00bb _builder_version=\u00bb4.16&#8243; custom_css_before=\u00bbwidth: 100px;\u00bb hide_on_mobile=\u00bboff\u00bb global_colors_info=\u00bb{}\u00bb][\/et_pb_divider][et_pb_text admin_label=\u00bbSubheader\u00bb _builder_version=\u00bb4.16&#8243; background_size=\u00bbinitial\u00bb background_position=\u00bbtop_left\u00bb background_repeat=\u00bbrepeat\u00bb max_width=\u00bb720px\u00bb custom_margin=\u00bb0px||40px|\u00bb custom_margin_tablet=\u00bb0px||38px|\u00bb custom_margin_phone=\u00bb\u00bb custom_margin_last_edited=\u00bbon|phone\u00bb custom_css_main_element=\u00bbfont-weight:300;\u00bb global_colors_info=\u00bb{}\u00bb]En octubre de 2007 se firm\u00f3 el convenio de colaboraci\u00f3n entre el Departamento de Pol\u00edtica Territorial y Obras P\u00fablicas (Direcci\u00f3n General de Arquitectura y Paisaje) y los ayuntamientos ribere\u00f1os del r\u00edo Ripoll para la redacci\u00f3n de las propuestas de recuperaci\u00f3n y mejora paisaj\u00edstica del espacio fluvial del r\u00edo Ripoll.<\/p>\n<p>El objetivo de este estudio es establecer criterios comunes para la recuperaci\u00f3n y mejora paisaj\u00edstica en el \u00e1mbito del Ripoll en los distintos tramos del \u00e1mbito de estudio: alto, medio y bajo, junto con la elaboraci\u00f3n de propuestas concretas de recuperaci\u00f3n y mejora paisaj\u00edstica del espacio fluvial del r\u00edo Ripoll, teniendo en cuenta todos los elementos comunes y singulares que conforman el paisaje de la cuenca del Ripoll. Los contenidos del estudio son: el an\u00e1lisis y reconocimiento paisaj\u00edstico, el diagn\u00f3stico paisaj\u00edstico y un programa de actuaci\u00f3n.<br \/>\n[\/et_pb_text][et_pb_blurb title=\u00bbEncargado por\u00bb use_icon=\u00bbon\u00bb font_icon=\u00bb&#xe016;||divi||400&#8243; icon_color=\u00bb#ffffff\u00bb image_icon_background_color=\u00bb#10a31c\u00bb icon_placement=\u00bbleft\u00bb image_icon_width=\u00bb30px\u00bb module_class=\u00bbmp_blurb_icon_hover\u00bb _builder_version=\u00bb4.16&#8243; header_text_color=\u00bb#10a31c\u00bb body_text_color=\u00bb#666a74&#8243; image_icon_custom_padding=\u00bb8px|8px|8px|8px|false|false\u00bb animation=\u00bboff\u00bb custom_css_blurb_image=\u00bbtext-align: left;||margin-bottom: 8px;\u00bb custom_css_blurb_title=\u00bbfont-weight: 700;\u00bb custom_css_blurb_content=\u00bbfont-weight:300;\u00bb border_radii_image=\u00bbon|100%|100%|100%|100%\u00bb border_width_all_image=\u00bb2px\u00bb border_color_all_image=\u00bb#10a31c\u00bb image_max_width=\u00bbnone\u00bb icon_font_size=\u00bb30px\u00bb use_circle=\u00bbon\u00bb use_circle_border=\u00bbon\u00bb global_colors_info=\u00bb{}\u00bb image_icon_background_color__sticky_enabled=\u00bb#10a31c\u00bb image_icon_background_color__sticky=\u00bb#10a31c\u00bb]Generalitat de Catalunya. Departamento de Territorio y Sostenibilidad.<\/p>\n<p>Ayuntamientos de Sant Llorenc\u0327 Savall, Castellar del Valle\u0300s, Sabadell, Barbera\u0300 del Valle\u0300s, Ripollet i Montcada i Reixac.<br \/>\n[\/et_pb_blurb][\/et_pb_column][et_pb_column type=\u00bb1_2&#8243; _builder_version=\u00bb4.16&#8243; background_position=\u00bbtop_left\u00bb custom_padding=\u00bb|||\u00bb global_colors_info=\u00bb{}\u00bb custom_padding__hover=\u00bb|||\u00bb][et_pb_divider show_divider=\u00bboff\u00bb disabled_on=\u00bbon|on|off\u00bb _builder_version=\u00bb4.16&#8243; height=\u00bb130px\u00bb global_colors_info=\u00bb{}\u00bb][\/et_pb_divider][et_pb_image src=\u00bbhttps:\/\/www.irbis.cat\/wp-content\/uploads\/2017\/09\/Recuperacio_vegetacio_Ripoll.jpg\u00bb align_tablet=\u00bbcenter\u00bb align_last_edited=\u00bbon|desktop\u00bb disabled_on=\u00bbon|on|\u00bb _builder_version=\u00bb4.16&#8243; animation=\u00bboff\u00bb global_colors_info=\u00bb{}\u00bb align_phone=\u00bbcenter\u00bb][\/et_pb_image][et_pb_image src=\u00bbhttps:\/\/www.irbis.cat\/wp-content\/uploads\/2017\/09\/generalitat-territori-sostenibilitat-logo.jpg\u00bb align_tablet=\u00bbcenter\u00bb align_last_edited=\u00bbon|desktop\u00bb module_class=\u00bbet_animated et_animated et_animated et_animated et_animated et_animated\u00bb _builder_version=\u00bb4.16&#8243; animation_style=\u00bbslide\u00bb animation_direction=\u00bbleft\u00bb animation_duration=\u00bb500ms\u00bb animation_intensity_slide=\u00bb10%\u00bb global_colors_info=\u00bb{}\u00bb align_phone=\u00bbcenter\u00bb][\/et_pb_image][\/et_pb_column][\/et_pb_row][\/et_pb_section][et_pb_section fb_built=\u00bb1&#8243; admin_label=\u00bbsection\u00bb _builder_version=\u00bb4.16&#8243; background_color=\u00bb#10a31c\u00bb custom_padding=\u00bb||0px|\u00bb global_colors_info=\u00bb{}\u00bb][et_pb_row admin_label=\u00bbrow\u00bb _builder_version=\u00bb4.16&#8243; global_colors_info=\u00bb{}\u00bb][et_pb_column type=\u00bb4_4&#8243; _builder_version=\u00bb4.16&#8243; custom_padding=\u00bb|||\u00bb global_colors_info=\u00bb{}\u00bb custom_padding__hover=\u00bb|||\u00bb][et_pb_gallery gallery_ids=\u00bb209872,209869&#8243; gallery_captions=\u00bb,\u00bb posts_number=\u00bb2&#8243; dbdb_version=\u00bb4.1.3&#8243; show_title_and_caption=\u00bboff\u00bb show_pagination=\u00bboff\u00bb _builder_version=\u00bb4.16&#8243; caption_text_align=\u00bbcenter\u00bb text_orientation=\u00bbcenter\u00bb global_colors_info=\u00bb{}\u00bb][\/et_pb_gallery][\/et_pb_column][\/et_pb_row][\/et_pb_section][et_pb_section fb_built=\u00bb1&#8243; specialty=\u00bbon\u00bb background_repeat_1=\u00bbno-repeat\u00bb background_repeat_2=\u00bbno-repeat\u00bb background_position_1=\u00bbtop_left\u00bb background_position_2=\u00bbtop_left\u00bb custom_css_main_2=\u00bbmargin-top: 53px;\u00bb admin_label=\u00bbPlanning Services\u00bb module_id=\u00bbplanning\u00bb _builder_version=\u00bb4.16&#8243; background_color=\u00bb#ffffff\u00bb collapsed=\u00bbon\u00bb global_colors_info=\u00bb{}\u00bb][et_pb_column type=\u00bb1_3&#8243; _builder_version=\u00bb4.16&#8243; background_position=\u00bbtop_left\u00bb custom_padding=\u00bb|||\u00bb global_colors_info=\u00bb{}\u00bb custom_padding__hover=\u00bb|||\u00bb][et_pb_text admin_label=\u00bbPreheader\u00bb _builder_version=\u00bb4.16&#8243; text_text_color=\u00bb#10a31c\u00bb text_font_size=\u00bb18&#8243; background_size=\u00bbinitial\u00bb background_position=\u00bbtop_left\u00bb background_repeat=\u00bbrepeat\u00bb custom_margin=\u00bb||15px|\u00bb text_font_size_tablet=\u00bb16&#8243; text_font_size_phone=\u00bb14&#8243; text_font_size_last_edited=\u00bbon|phone\u00bb custom_css_main_element=\u00bbfont-weight:300;\u00bb global_colors_info=\u00bb{}\u00bb]Asesoramiento estrat\u00e9gico en sostenibilidad<br \/>\n[\/et_pb_text][et_pb_text admin_label=\u00bbHeader\u00bb _builder_version=\u00bb4.16&#8243; text_font_size=\u00bb45&#8243; header_font_size=\u00bb45&#8243; background_size=\u00bbinitial\u00bb background_position=\u00bbtop_left\u00bb background_repeat=\u00bbrepeat\u00bb max_width_tablet=\u00bb\u00bb max_width_phone=\u00bb\u00bb max_width_last_edited=\u00bbon|phone\u00bb custom_margin=\u00bb||10px|\u00bb text_font_size_tablet=\u00bb35&#8243; text_font_size_phone=\u00bb25&#8243; text_font_size_last_edited=\u00bboff|phone\u00bb header_font_size_last_edited=\u00bboff|desktop\u00bb custom_css_main_element=\u00bbfont-weight:900!important;\u00bb global_colors_info=\u00bb{}\u00bb]<\/p>\n<h2>Irbis: Soluciones creativas, s\u00f3lidas y eficientes<\/h2>\n<p>[\/et_pb_text][et_pb_divider divider_position=\u00bbcenter\u00bb divider_weight=\u00bb2&#8243; disabled_on=\u00bboff\u00bb admin_label=\u00bbDivider (left)\u00bb _builder_version=\u00bb4.16&#8243; custom_css_before=\u00bbwidth: 100px;\u00bb hide_on_mobile=\u00bboff\u00bb global_colors_info=\u00bb{}\u00bb][\/et_pb_divider][et_pb_text admin_label=\u00bbSubheader\u00bb _builder_version=\u00bb4.16&#8243; background_size=\u00bbinitial\u00bb background_position=\u00bbtop_left\u00bb background_repeat=\u00bbrepeat\u00bb max_width=\u00bb720px\u00bb custom_margin=\u00bb0px||40px|\u00bb custom_margin_tablet=\u00bb0px||38px|\u00bb custom_margin_phone=\u00bb\u00bb custom_margin_last_edited=\u00bbon|phone\u00bb custom_css_main_element=\u00bbfont-weight:300;\u00bb global_colors_info=\u00bb{}\u00bb]Asesoramos y desarrollamos soluciones en sostenibilidad tanto a profesionales como a entes p\u00fablicos o privados en el marco de los siguientes \u00e1mbitos:<br \/>\n[\/et_pb_text][et_pb_button button_url=\u00bbhttps:\/\/montereypremier.com\/layout-packs\/greenbusiness\/contact\/\u00bb button_text=\u00bbCONT\u00c1CTANOS\u00bb button_alignment=\u00bbleft\u00bb _builder_version=\u00bb4.16&#8243; button_icon=\u00bb&#x33;||divi||400&#8243; background_layout=\u00bbdark\u00bb custom_css_main_element=\u00bbpadding-top: 10px !important;||padding-right: 22px !important;||padding-bottom: 10px !important;||padding-left: 22px !important;||font-size: 14px;\u00bb global_colors_info=\u00bb{}\u00bb button_text_size__hover_enabled=\u00bboff\u00bb button_one_text_size__hover_enabled=\u00bboff\u00bb button_two_text_size__hover_enabled=\u00bboff\u00bb button_text_color__hover_enabled=\u00bboff\u00bb button_one_text_color__hover_enabled=\u00bboff\u00bb button_two_text_color__hover_enabled=\u00bboff\u00bb button_border_width__hover_enabled=\u00bboff\u00bb button_one_border_width__hover_enabled=\u00bboff\u00bb button_two_border_width__hover_enabled=\u00bboff\u00bb button_border_color__hover_enabled=\u00bboff\u00bb button_one_border_color__hover_enabled=\u00bboff\u00bb button_two_border_color__hover_enabled=\u00bboff\u00bb button_border_radius__hover_enabled=\u00bboff\u00bb button_one_border_radius__hover_enabled=\u00bboff\u00bb button_two_border_radius__hover_enabled=\u00bboff\u00bb button_letter_spacing__hover_enabled=\u00bboff\u00bb button_one_letter_spacing__hover_enabled=\u00bboff\u00bb button_two_letter_spacing__hover_enabled=\u00bboff\u00bb button_bg_color__hover_enabled=\u00bboff\u00bb button_one_bg_color__hover_enabled=\u00bboff\u00bb button_two_bg_color__hover_enabled=\u00bboff\u00bb][\/et_pb_button][\/et_pb_column][et_pb_column type=\u00bb2_3&#8243; specialty_columns=\u00bb2&#8243; _builder_version=\u00bb4.16&#8243; background_position=\u00bbtop_left\u00bb custom_padding=\u00bb|||\u00bb global_colors_info=\u00bb{}\u00bb custom_padding__hover=\u00bb|||\u00bb][et_pb_row_inner admin_label=\u00bbRow\u00bb _builder_version=\u00bb4.16&#8243; global_colors_info=\u00bb{}\u00bb column_structure=\u00bb1_2,1_2&#8243;][et_pb_column_inner type=\u00bb1_2&#8243; saved_specialty_column_type=\u00bb2_3&#8243; module_class=\u00bbmp_blurb_column\u00bb _builder_version=\u00bb4.16&#8243; background_position=\u00bbtop_left\u00bb custom_padding=\u00bb|||\u00bb global_colors_info=\u00bb{}\u00bb custom_padding__hover=\u00bb|||\u00bb][et_pb_blurb title=\u00bbEstrategia\u00bb url=\u00bb#\u00bb use_icon=\u00bbon\u00bb font_icon=\u00bb&#xe037;||divi||400&#8243; icon_color=\u00bb#ffffff\u00bb image_icon_background_color=\u00bb#10a31c\u00bb image_icon_width=\u00bb50px\u00bb module_class=\u00bbmp_blurb_icon_hover\u00bb _builder_version=\u00bb4.16&#8243; header_text_color=\u00bb#666a74&#8243; header_font_size=\u00bb24&#8243; image_icon_custom_padding=\u00bb25px|25px|25px|25px|false|false\u00bb animation=\u00bboff\u00bb custom_css_blurb_image=\u00bbtext-align: left;\u00bb custom_css_blurb_title=\u00bbfont-weight: 700;\u00bb custom_css_blurb_content=\u00bbfont-weight: 300;\u00bb border_radii_image=\u00bbon|100%|100%|100%|100%\u00bb border_width_all_image=\u00bb3px\u00bb border_color_all_image=\u00bb#10a31c\u00bb image_max_width=\u00bbnone\u00bb icon_font_size=\u00bb50px\u00bb use_circle=\u00bbon\u00bb use_circle_border=\u00bbon\u00bb global_colors_info=\u00bb{}\u00bb image_icon_background_color__sticky_enabled=\u00bb#10a31c\u00bb image_icon_background_color__sticky=\u00bb#10a31c\u00bb]La sostenibilidad como estrategia para el \u00e9xito, en cualquier \u00e1mbito y en todos los niveles.<br \/>\n[\/et_pb_blurb][\/et_pb_column_inner][et_pb_column_inner type=\u00bb1_2&#8243; saved_specialty_column_type=\u00bb2_3&#8243; module_class=\u00bbmp_blurb_column\u00bb _builder_version=\u00bb4.16&#8243; background_position=\u00bbtop_left\u00bb custom_padding=\u00bb|||\u00bb global_colors_info=\u00bb{}\u00bb custom_padding__hover=\u00bb|||\u00bb][et_pb_blurb title=\u00bbPlanificaci\u00f3n\u00bb url=\u00bb#\u00bb use_icon=\u00bbon\u00bb font_icon=\u00bb&#x6c;||divi||400&#8243; icon_color=\u00bb#ffffff\u00bb image_icon_background_color=\u00bb#10a31c\u00bb image_icon_width=\u00bb50px\u00bb module_class=\u00bbmp_blurb_icon_hover\u00bb _builder_version=\u00bb4.16&#8243; header_text_color=\u00bb#666a74&#8243; header_font_size=\u00bb24&#8243; image_icon_custom_padding=\u00bb25px|25px|25px|25px|false|false\u00bb animation=\u00bboff\u00bb custom_css_blurb_image=\u00bbtext-align: left;\u00bb custom_css_blurb_title=\u00bbfont-weight: 700;\u00bb custom_css_blurb_content=\u00bbfont-weight: 300;\u00bb border_radii_image=\u00bbon|100%|100%|100%|100%\u00bb border_width_all_image=\u00bb3px\u00bb border_color_all_image=\u00bb#10a31c\u00bb image_max_width=\u00bbnone\u00bb icon_font_size=\u00bb50px\u00bb use_circle=\u00bbon\u00bb use_circle_border=\u00bbon\u00bb global_colors_info=\u00bb{}\u00bb image_icon_background_color__sticky_enabled=\u00bb#10a31c\u00bb image_icon_background_color__sticky=\u00bb#10a31c\u00bb]La sostenibilidad como base de la planificaci\u00f3n a todos los niveles: territoriales, urban\u00edsticos.<br \/>\n[\/et_pb_blurb][\/et_pb_column_inner][\/et_pb_row_inner][et_pb_row_inner admin_label=\u00bbRow\u00bb _builder_version=\u00bb4.16&#8243; global_colors_info=\u00bb{}\u00bb column_structure=\u00bb1_2,1_2&#8243;][et_pb_column_inner type=\u00bb1_2&#8243; saved_specialty_column_type=\u00bb2_3&#8243; module_class=\u00bbmp_blurb_column\u00bb _builder_version=\u00bb4.16&#8243; background_position=\u00bbtop_left\u00bb custom_padding=\u00bb|||\u00bb global_colors_info=\u00bb{}\u00bb custom_padding__hover=\u00bb|||\u00bb][et_pb_blurb title=\u00bbActividades\u00bb url=\u00bb#\u00bb use_icon=\u00bbon\u00bb font_icon=\u00bb&#x69;||divi||400&#8243; icon_color=\u00bb#ffffff\u00bb image_icon_background_color=\u00bb#10a31c\u00bb image_icon_width=\u00bb50px\u00bb module_class=\u00bbmp_blurb_icon_hover\u00bb _builder_version=\u00bb4.16&#8243; header_text_color=\u00bb#666a74&#8243; header_font_size=\u00bb24&#8243; image_icon_custom_padding=\u00bb25px|25px|25px|25px|false|false\u00bb animation=\u00bboff\u00bb custom_css_blurb_image=\u00bbtext-align: left;\u00bb custom_css_blurb_title=\u00bbfont-weight: 700;\u00bb custom_css_blurb_content=\u00bbfont-weight: 300;\u00bb border_radii_image=\u00bbon|100%|100%|100%|100%\u00bb border_width_all_image=\u00bb3px\u00bb border_color_all_image=\u00bb#10a31c\u00bb image_max_width=\u00bbnone\u00bb icon_font_size=\u00bb50px\u00bb use_circle=\u00bbon\u00bb use_circle_border=\u00bbon\u00bb global_colors_info=\u00bb{}\u00bb image_icon_background_color__sticky_enabled=\u00bb#10a31c\u00bb image_icon_background_color__sticky=\u00bb#10a31c\u00bb]Dise\u00f1o de actividades sostenibles compatibles con la preservaci\u00f3n del medio y el entorno como valor a\u00f1adido.<br \/>\n[\/et_pb_blurb][\/et_pb_column_inner][et_pb_column_inner type=\u00bb1_2&#8243; saved_specialty_column_type=\u00bb2_3&#8243; module_class=\u00bbmp_blurb_column\u00bb _builder_version=\u00bb4.16&#8243; background_position=\u00bbtop_left\u00bb custom_padding=\u00bb|||\u00bb global_colors_info=\u00bb{}\u00bb custom_padding__hover=\u00bb|||\u00bb][et_pb_blurb title=\u00bbComunicaci\u00f3n\u00bb url=\u00bb#\u00bb use_icon=\u00bbon\u00bb font_icon=\u00bb&#x7a;||divi||400&#8243; icon_color=\u00bb#ffffff\u00bb image_icon_background_color=\u00bb#10a31c\u00bb image_icon_width=\u00bb50px\u00bb module_class=\u00bbmp_blurb_icon_hover\u00bb _builder_version=\u00bb4.16&#8243; header_text_color=\u00bb#666a74&#8243; header_font_size=\u00bb24&#8243; image_icon_custom_padding=\u00bb25px|25px|25px|25px|false|false\u00bb animation=\u00bboff\u00bb custom_css_blurb_image=\u00bbtext-align: left;\u00bb custom_css_blurb_title=\u00bbfont-weight: 700;\u00bb custom_css_blurb_content=\u00bbfont-weight: 300;\u00bb border_radii_image=\u00bbon|100%|100%|100%|100%\u00bb border_width_all_image=\u00bb3px\u00bb border_color_all_image=\u00bb#10a31c\u00bb image_max_width=\u00bbnone\u00bb icon_font_size=\u00bb50px\u00bb use_circle=\u00bbon\u00bb use_circle_border=\u00bbon\u00bb global_colors_info=\u00bb{}\u00bb image_icon_background_color__sticky_enabled=\u00bb#10a31c\u00bb image_icon_background_color__sticky=\u00bb#10a31c\u00bb]Incluir la sostenibilidad en el discurso aplicado a publicaciones, publicidad, educaci\u00f3n&#8230;<br \/>\n[\/et_pb_blurb][\/et_pb_column_inner][\/et_pb_row_inner][et_pb_row_inner admin_label=\u00bbRow\u00bb _builder_version=\u00bb4.16&#8243; global_colors_info=\u00bb{}\u00bb column_structure=\u00bb1_2,1_2&#8243;][et_pb_column_inner type=\u00bb1_2&#8243; saved_specialty_column_type=\u00bb2_3&#8243; module_class=\u00bbmp_blurb_column\u00bb _builder_version=\u00bb4.16&#8243; background_position=\u00bbtop_left\u00bb custom_padding=\u00bb|||\u00bb global_colors_info=\u00bb{}\u00bb custom_padding__hover=\u00bb|||\u00bb][et_pb_blurb title=\u00bbDise\u00f1o\u00bb url=\u00bb#\u00bb use_icon=\u00bbon\u00bb font_icon=\u00bb&#xe00a;||divi||400&#8243; icon_color=\u00bb#ffffff\u00bb image_icon_background_color=\u00bb#10a31c\u00bb image_icon_width=\u00bb50px\u00bb module_class=\u00bbmp_blurb_icon_hover\u00bb _builder_version=\u00bb4.16&#8243; header_text_color=\u00bb#666a74&#8243; header_font_size=\u00bb24&#8243; image_icon_custom_padding=\u00bb25px|25px|25px|25px|false|false\u00bb animation=\u00bboff\u00bb custom_css_blurb_image=\u00bbtext-align: left;\u00bb custom_css_blurb_title=\u00bbfont-weight: 700;\u00bb custom_css_blurb_content=\u00bbfont-weight: 300;\u00bb border_radii_image=\u00bbon|100%|100%|100%|100%\u00bb border_width_all_image=\u00bb3px\u00bb border_color_all_image=\u00bb#10a31c\u00bb image_max_width=\u00bbnone\u00bb icon_font_size=\u00bb50px\u00bb use_circle=\u00bbon\u00bb use_circle_border=\u00bbon\u00bb global_colors_info=\u00bb{}\u00bb image_icon_background_color__sticky_enabled=\u00bb#10a31c\u00bb image_icon_background_color__sticky=\u00bb#10a31c\u00bb]Aplicar criterios de sostenibilidad e introducir la biodiversidad en el dise\u00f1o de espacios, en la redacci\u00f3n de proyectos, en las propuestas de ideas&#8230;<br \/>\n[\/et_pb_blurb][\/et_pb_column_inner][et_pb_column_inner type=\u00bb1_2&#8243; saved_specialty_column_type=\u00bb2_3&#8243; module_class=\u00bbmp_blurb_column\u00bb _builder_version=\u00bb4.16&#8243; background_position=\u00bbtop_left\u00bb custom_padding=\u00bb|||\u00bb global_colors_info=\u00bb{}\u00bb custom_padding__hover=\u00bb|||\u00bb][\/et_pb_column_inner][\/et_pb_row_inner][\/et_pb_column][\/et_pb_section]<\/p>\n","protected":false},"excerpt":{"rendered":"<p>Proyecto Estudio para la recuperaci\u00f3n paisaj\u00edstica del riu Ripoll.Propuestas de recuperaci\u00f3n y mejora paisaj\u00edstica del espacio fluvial 2010 Recuperaci\u00f3n paisaj\u00edstica En octubre de 2007 se firm\u00f3 el convenio de colaboraci\u00f3n entre el Departamento de Pol\u00edtica Territorial y Obras P\u00fablicas (Direcci\u00f3n General de Arquitectura y Paisaje) y los ayuntamientos ribere\u00f1os del r\u00edo Ripoll para la redacci\u00f3n [&hellip;]<\/p>\n","protected":false},"author":1,"featured_media":208779,"comment_status":"closed","ping_status":"closed","template":"","meta":{"_et_pb_use_builder":"on","_et_pb_old_content":"","_et_gb_content_width":""},"project_category":[34,87],"project_tag":[],"_links":{"self":[{"href":"https:\/\/www.irbis.cat\/es\/wp-json\/wp\/v2\/project\/209293"}],"collection":[{"href":"https:\/\/www.irbis.cat\/es\/wp-json\/wp\/v2\/project"}],"about":[{"href":"https:\/\/www.irbis.cat\/es\/wp-json\/wp\/v2\/types\/project"}],"author":[{"embeddable":true,"href":"https:\/\/www.irbis.cat\/es\/wp-json\/wp\/v2\/users\/1"}],"replies":[{"embeddable":true,"href":"https:\/\/www.irbis.cat\/es\/wp-json\/wp\/v2\/comments?post=209293"}],"version-history":[{"count":40,"href":"https:\/\/www.irbis.cat\/es\/wp-json\/wp\/v2\/project\/209293\/revisions"}],"predecessor-version":[{"id":213803,"href":"https:\/\/www.irbis.cat\/es\/wp-json\/wp\/v2\/project\/209293\/revisions\/213803"}],"wp:featuredmedia":[{"embeddable":true,"href":"https:\/\/www.irbis.cat\/es\/wp-json\/wp\/v2\/media\/208779"}],"wp:attachment":[{"href":"https:\/\/www.irbis.cat\/es\/wp-json\/wp\/v2\/media?parent=209293"}],"wp:term":[{"taxonomy":"project_category","embeddable":true,"href":"https:\/\/www.irbis.cat\/es\/wp-json\/wp\/v2\/project_category?post=209293"},{"taxonomy":"project_tag","embeddable":true,"href":"https:\/\/www.irbis.cat\/es\/wp-json\/wp\/v2\/project_tag?post=209293"}],"curies":[{"name":"wp","href":"https:\/\/api.w.org\/{rel}","templated":true}]}}