{"id":209227,"date":"2017-10-10T10:57:44","date_gmt":"2017-10-10T10:57:44","guid":{"rendered":"https:\/\/www.irbis.cat\/project\/plan-especial-urbanistico-del-centro-de-tratamiento-de-residuos-de-bufalvent\/"},"modified":"2024-01-08T10:38:23","modified_gmt":"2024-01-08T10:38:23","slug":"plan-especial-urbanistico-del-centro-de-tratamiento-de-residuos-de-bufalvent","status":"publish","type":"project","link":"https:\/\/www.irbis.cat\/es\/project\/plan-especial-urbanistico-del-centro-de-tratamiento-de-residuos-de-bufalvent\/","title":{"rendered":"Plan Especial Urban\u00edstico del Centro de Tratamiento de Residuos de Bufalvent"},"content":{"rendered":"<p>[et_pb_section fb_built=\u00bb1&#8243; background_color=\u00bb#ffffff\u00bb disabled_on=\u00bboff|off|off\u00bb admin_label=\u00bbHeader Section\u00bb _builder_version=\u00bb3.0.51&#8243; use_background_color_gradient=\u00bbon\u00bb background_color_gradient_start=\u00bbrgba(0,0,0,0.89)\u00bb background_color_gradient_end=\u00bb#474747&#8243; background_color_gradient_direction=\u00bb131deg\u00bb background_image=\u00bbhttps:\/\/www.irbis.cat\/wp-content\/uploads\/2017\/07\/parc-tres-turons-irbis.jpg\u00bb background_position=\u00bbtop_center\u00bb background_blend=\u00bboverlay\u00bb custom_padding=\u00bb0px||0px|\u00bb custom_padding_tablet=\u00bb0px||0px|\u00bb padding_mobile=\u00bbon\u00bb collapsed=\u00bbon\u00bb][et_pb_row custom_padding=\u00bb5.5%||2.5%|\u00bb custom_padding_phone=\u00bb36px||36px|\u00bb column_padding_mobile=\u00bbon\u00bb parallax_method_1=\u00bboff\u00bb parallax_method_2=\u00bboff\u00bb background_position_1=\u00bbtop_left\u00bb background_repeat_1=\u00bbno-repeat\u00bb admin_label=\u00bbrow\u00bb custom_padding_last_edited=\u00bbon|desktop\u00bb _builder_version=\u00bb3.0.51&#8243; background_size=\u00bbinitial\u00bb background_position=\u00bbtop_left\u00bb background_repeat=\u00bbrepeat\u00bb][et_pb_column type=\u00bb4_4&#8243; _builder_version=\u00bb3.0.47&#8243; column_padding_mobile=\u00bbon\u00bb parallax=\u00bboff\u00bb parallax_method=\u00bboff\u00bb background_position=\u00bbtop_left\u00bb background_repeat=\u00bbno-repeat\u00bb][et_pb_text background_layout=\u00bbdark\u00bb admin_label=\u00bbPreheader\u00bb _builder_version=\u00bb3.0.51&#8243; text_font_size=\u00bb26&#8243; text_font_size_tablet=\u00bb16&#8243; text_font_size_phone=\u00bb14&#8243; text_font_size_last_edited=\u00bbon|desktop\u00bb text_text_color=\u00bb#10a31c\u00bb background_size=\u00bbinitial\u00bb background_position=\u00bbtop_left\u00bb background_repeat=\u00bbrepeat\u00bb custom_margin=\u00bb||35px|\u00bb custom_css_main_element=\u00bbfont-weight:600;\u00bb]<\/p>\n<p>Premio<\/p>\n<p>[\/et_pb_text][et_pb_text background_layout=\u00bbdark\u00bb admin_label=\u00bbTitle\u00bb _builder_version=\u00bb3.0.75&#8243; text_font_size=\u00bb62&#8243; text_font_size_tablet=\u00bb35&#8243; text_font_size_phone=\u00bb25&#8243; text_font_size_last_edited=\u00bbon|desktop\u00bb header_font_size_last_edited=\u00bboff|desktop\u00bb background_size=\u00bbinitial\u00bb background_position=\u00bbtop_left\u00bb background_repeat=\u00bbrepeat\u00bb max_width_last_edited=\u00bbon|phone\u00bb custom_margin=\u00bb||42px|\u00bb custom_css_main_element=\u00bbfont-weight:900!important;\u00bb]<\/p>\n<h1>Plan Especial Urban\u00edstico del Centro de Tratamiento de Residuos de Bufalvent (Manresa, Catalunya)<\/h1>\n<p>[\/et_pb_text][et_pb_text background_layout=\u00bbdark\u00bb admin_label=\u00bbSubheader\u00bb _builder_version=\u00bb3.0.51&#8243; text_font_size=\u00bb21&#8243; text_text_color=\u00bb#a7a7a7&#8243; background_size=\u00bbinitial\u00bb background_position=\u00bbtop_left\u00bb background_repeat=\u00bbrepeat\u00bb max_width=\u00bb800px\u00bb custom_margin=\u00bb0px||40px|\u00bb custom_margin_tablet=\u00bb0px||38px|\u00bb custom_margin_last_edited=\u00bbon|desktop\u00bb custom_css_main_element=\u00bbfont-weight: 400;\u00bb]<\/p>\n<p>2011<\/p>\n<p>[\/et_pb_text][\/et_pb_column][\/et_pb_row][\/et_pb_section][et_pb_section fb_built=\u00bb1&#8243; admin_label=\u00bbDepartments\u00bb _builder_version=\u00bb3.0.47&#8243; collapsed=\u00bbon\u00bb][et_pb_row background_position_1=\u00bbtop_left\u00bb background_position_2=\u00bbtop_left\u00bb background_repeat_1=\u00bbno-repeat\u00bb background_repeat_2=\u00bbno-repeat\u00bb module_class_1=\u00bbmp_blurb_column\u00bb _builder_version=\u00bb3.0.51&#8243; background_size=\u00bbinitial\u00bb background_position=\u00bbtop_left\u00bb background_repeat=\u00bbrepeat\u00bb][et_pb_column type=\u00bb1_2&#8243; _builder_version=\u00bb3.0.47&#8243; parallax=\u00bboff\u00bb parallax_method=\u00bbon\u00bb background_position=\u00bbtop_left\u00bb background_repeat=\u00bbno-repeat\u00bb module_class=\u00bbmp_blurb_column\u00bb][et_pb_text admin_label=\u00bbHeader\u00bb _builder_version=\u00bb3.0.51&#8243; text_font_size=\u00bb45&#8243; text_font_size_tablet=\u00bb35&#8243; text_font_size_phone=\u00bb25&#8243; text_font_size_last_edited=\u00bboff|phone\u00bb text_line_height=\u00bb1.4em\u00bb header_font_size=\u00bb45&#8243; header_font_size_last_edited=\u00bboff|desktop\u00bb background_size=\u00bbinitial\u00bb background_position=\u00bbtop_left\u00bb background_repeat=\u00bbrepeat\u00bb max_width_last_edited=\u00bbon|phone\u00bb custom_margin=\u00bb||10px|\u00bb custom_css_main_element=\u00bbfont-weight:900!important;\u00bb]<\/p>\n<p>Premio de urbanismo de Catalunya. Acc\u00e9sit.<\/p>\n<p>[\/et_pb_text][et_pb_divider color=\u00bb#10a31c\u00bb show_divider=\u00bbon\u00bb divider_style=\u00bbsolid\u00bb divider_position=\u00bbcenter\u00bb divider_weight=\u00bb2&#8243; disabled_on=\u00bboff\u00bb admin_label=\u00bbDivider (left)\u00bb _builder_version=\u00bb3.0.51&#8243; custom_css_before=\u00bbwidth: 100px;\u00bb hide_on_mobile=\u00bboff\u00bb][\/et_pb_divider][et_pb_text admin_label=\u00bbSubheader\u00bb _builder_version=\u00bb3.0.51&#8243; background_size=\u00bbinitial\u00bb background_position=\u00bbtop_left\u00bb background_repeat=\u00bbrepeat\u00bb max_width=\u00bb720px\u00bb custom_margin=\u00bb0px||40px|\u00bb custom_margin_tablet=\u00bb0px||38px|\u00bb custom_margin_last_edited=\u00bbon|phone\u00bb custom_css_main_element=\u00bbfont-weight:300;\u00bb]<\/p>\n<p>La ordenaci\u00f3n urban\u00edstica del Parc Ambiental de Bufalvent del Consorci del Bages para la Gesti\u00f3n de Residuos ha sido reconocida en el marco de los premios que otorgan la Societat Catalana d&#8217; Orientaci\u00f3 del Territori (SCOT) y la Agrupaci\u00f3 d&#8217; Arquitectes Urbanistes de Catalunya (AAUC). En concreto, la tarea del arquitecto Narciso Tusell, en colaboraci\u00f3n con el equipo de Irbis, en las instalaciones del Bufalvent ha ganado el acc\u00e9sit del s\u00e9ptimo Premio Catalunya de Urbanismo.<\/p>\n<p>[\/et_pb_text][et_pb_blurb title=\u00bbEn colaboraci\u00f3n con\u00bb use_icon=\u00bbon\u00bb font_icon=\u00bb%%259%%\u00bb icon_color=\u00bb#ffffff\u00bb use_circle=\u00bbon\u00bb use_circle_border=\u00bbon\u00bb icon_placement=\u00bbleft\u00bb use_icon_font_size=\u00bbon\u00bb icon_font_size=\u00bb30px\u00bb module_class=\u00bbmp_blurb_icon_hover\u00bb _builder_version=\u00bb3.0.51&#8243; header_text_color=\u00bb#10a31c\u00bb body_text_color=\u00bb#666a74&#8243; animation=\u00bboff\u00bb custom_css_blurb_image=\u00bbtext-align: left;||margin-bottom: 8px;\u00bb custom_css_blurb_title=\u00bbfont-weight: 700;\u00bb custom_css_blurb_content=\u00bbfont-weight:300;\u00bb]<\/p>\n<p>Narc\u00eds Tusell Arquitectes<\/p>\n<p>[\/et_pb_blurb][\/et_pb_column][et_pb_column type=\u00bb1_2&#8243; _builder_version=\u00bb3.0.47&#8243; parallax=\u00bboff\u00bb parallax_method=\u00bbon\u00bb background_position=\u00bbtop_left\u00bb background_repeat=\u00bbno-repeat\u00bb][et_pb_divider height=\u00bb130px\u00bb disabled_on=\u00bbon|on|off\u00bb _builder_version=\u00bb3.0.51&#8243;][\/et_pb_divider][et_pb_image src=\u00bbhttps:\/\/www.irbis.cat\/wp-content\/uploads\/2017\/09\/Pla-Especial-Centre-de-Tractament-de-Residus-de-Bufalvent.png\u00bb disabled_on=\u00bbon|on|\u00bb _builder_version=\u00bb3.0.51&#8243; animation=\u00bboff\u00bb _i=\u00bb1&#8243; _address=\u00bb1.0.1.1&#8243;][\/et_pb_image][\/et_pb_column][\/et_pb_row][\/et_pb_section][et_pb_section fb_built=\u00bb1&#8243; background_color=\u00bb#10a31c\u00bb admin_label=\u00bbsection\u00bb _builder_version=\u00bb3.0.51&#8243; custom_padding=\u00bb||0px|\u00bb][et_pb_row admin_label=\u00bbrow\u00bb _builder_version=\u00bb3.0.51&#8243;][et_pb_column type=\u00bb4_4&#8243; _builder_version=\u00bb3.0.47&#8243; parallax=\u00bboff\u00bb parallax_method=\u00bbon\u00bb]<\/p>\n<p>[et_pb_gallery gallery_ids=\u00bb209713,209711,209709&#8243; gallery_captions=\u00bb,,\u00bb posts_number=\u00bb3&#8243; show_title_and_caption=\u00bboff\u00bb show_pagination=\u00bboff\u00bb _builder_version=\u00bb3.0.75&#8243; db_image_object_fit=\u00bbinitial\u00bb db_images_per_row=\u00bb3&#8243; db_image_max_width=\u00bb69px\u00bb][\/et_pb_gallery]<\/p>\n<p>[\/et_pb_column][\/et_pb_row][\/et_pb_section][et_pb_section fb_built=\u00bb1&#8243; background_color=\u00bb#ffffff\u00bb specialty=\u00bbon\u00bb background_position_1=\u00bbtop_left\u00bb background_position_2=\u00bbtop_left\u00bb background_repeat_1=\u00bbno-repeat\u00bb background_repeat_2=\u00bbno-repeat\u00bb custom_css_main_2=\u00bbmargin-top: 53px;\u00bb admin_label=\u00bbPlanning Services\u00bb module_id=\u00bbplanning\u00bb _builder_version=\u00bb3.0.51&#8243; collapsed=\u00bbon\u00bb][et_pb_column type=\u00bb1_3&#8243; _builder_version=\u00bb3.0.47&#8243; background_position=\u00bbtop_left\u00bb background_repeat=\u00bbno-repeat\u00bb][et_pb_text admin_label=\u00bbPreheader\u00bb _builder_version=\u00bb3.0.51&#8243; text_font_size=\u00bb18&#8243; text_font_size_tablet=\u00bb16&#8243; text_font_size_phone=\u00bb14&#8243; text_font_size_last_edited=\u00bbon|phone\u00bb text_text_color=\u00bb#10a31c\u00bb background_size=\u00bbinitial\u00bb background_position=\u00bbtop_left\u00bb background_repeat=\u00bbrepeat\u00bb custom_margin=\u00bb||15px|\u00bb custom_css_main_element=\u00bbfont-weight:300;\u00bb]<\/p>\n<p>Asesoramiento estrat\u00e9gico en sostenibilidad<\/p>\n<p>[\/et_pb_text][et_pb_text admin_label=\u00bbHeader\u00bb _builder_version=\u00bb3.0.51&#8243; text_font_size=\u00bb45&#8243; text_font_size_tablet=\u00bb35&#8243; text_font_size_phone=\u00bb25&#8243; text_font_size_last_edited=\u00bboff|phone\u00bb header_font_size=\u00bb45&#8243; header_font_size_last_edited=\u00bboff|desktop\u00bb background_size=\u00bbinitial\u00bb background_position=\u00bbtop_left\u00bb background_repeat=\u00bbrepeat\u00bb max_width_last_edited=\u00bbon|phone\u00bb custom_margin=\u00bb||10px|\u00bb custom_css_main_element=\u00bbfont-weight:900!important;\u00bb]<\/p>\n<h2>Irbis: Soluciones creativas, s\u00f3lidas y eficientes<\/h2>\n<p>[\/et_pb_text][et_pb_divider color=\u00bb#10a31c\u00bb show_divider=\u00bbon\u00bb divider_style=\u00bbsolid\u00bb divider_position=\u00bbcenter\u00bb divider_weight=\u00bb2&#8243; disabled_on=\u00bboff\u00bb admin_label=\u00bbDivider (left)\u00bb _builder_version=\u00bb3.0.51&#8243; custom_css_before=\u00bbwidth: 100px;\u00bb hide_on_mobile=\u00bboff\u00bb][\/et_pb_divider][et_pb_text admin_label=\u00bbSubheader\u00bb _builder_version=\u00bb3.0.51&#8243; background_size=\u00bbinitial\u00bb background_position=\u00bbtop_left\u00bb background_repeat=\u00bbrepeat\u00bb max_width=\u00bb720px\u00bb custom_margin=\u00bb0px||40px|\u00bb custom_margin_tablet=\u00bb0px||38px|\u00bb custom_margin_last_edited=\u00bbon|phone\u00bb custom_css_main_element=\u00bbfont-weight:300;\u00bb]<\/p>\n<p>Asesoramos y desarrollamos soluciones en sostenibilidad tanto a profesionales como a entes p\u00fablicos o privados en el marco de los siguientes \u00e1mbitos:<\/p>\n<p>[\/et_pb_text][et_pb_button button_url=\u00bbhttps:\/\/montereypremier.com\/layout-packs\/greenbusiness\/contact\/\u00bb button_text=\u00bbCONT\u00c1CTANOS\u00bb button_alignment=\u00bbleft\u00bb background_layout=\u00bbdark\u00bb _builder_version=\u00bb3.0.51&#8243; button_icon=\u00bb%%18%%\u00bb custom_css_main_element=\u00bbpadding-top: 10px !important;||padding-right: 22px !important;||padding-bottom: 10px !important;||padding-left: 22px !important;||font-size: 14px;\u00bb][\/et_pb_button][\/et_pb_column][et_pb_column type=\u00bb2_3&#8243; specialty_columns=\u00bb2&#8243; _builder_version=\u00bb3.0.47&#8243; background_position=\u00bbtop_left\u00bb background_repeat=\u00bbno-repeat\u00bb custom_css_main=\u00bbmargin-top: 53px;\u00bb][et_pb_row_inner background_position_1=\u00bbtop_left\u00bb background_position_2=\u00bbtop_left\u00bb background_repeat_1=\u00bbno-repeat\u00bb background_repeat_2=\u00bbno-repeat\u00bb module_class_1=\u00bbmp_blurb_column\u00bb module_class_2=\u00bbmp_blurb_column\u00bb admin_label=\u00bbRow\u00bb _builder_version=\u00bb3.0.51&#8243;][et_pb_column_inner type=\u00bb1_2&#8243; saved_specialty_column_type=\u00bb2_3&#8243; _builder_version=\u00bb3.0.47&#8243; parallax=\u00bboff\u00bb parallax_method=\u00bbon\u00bb background_position=\u00bbtop_left\u00bb background_repeat=\u00bbno-repeat\u00bb module_class=\u00bbmp_blurb_column\u00bb][et_pb_blurb title=\u00bbEstrategia\u00bb url=\u00bb#\u00bb use_icon=\u00bbon\u00bb font_icon=\u00bb%%175%%\u00bb icon_color=\u00bb#ffffff\u00bb use_circle=\u00bbon\u00bb use_circle_border=\u00bbon\u00bb use_icon_font_size=\u00bbon\u00bb icon_font_size=\u00bb50px\u00bb module_class=\u00bbmp_blurb_icon_hover\u00bb _builder_version=\u00bb3.0.51&#8243; header_font_size=\u00bb24&#8243; header_text_color=\u00bb#666a74&#8243; animation=\u00bboff\u00bb custom_css_blurb_image=\u00bbtext-align: left;\u00bb custom_css_blurb_title=\u00bbfont-weight: 700;\u00bb custom_css_blurb_content=\u00bbfont-weight: 300;\u00bb]<\/p>\n<p>La sostenibilidad como estrategia para el \u00e9xito, en cualquier \u00e1mbito y en todos los niveles.<\/p>\n<p>[\/et_pb_blurb][\/et_pb_column_inner][et_pb_column_inner type=\u00bb1_2&#8243; saved_specialty_column_type=\u00bb2_3&#8243; _builder_version=\u00bb3.0.47&#8243; parallax=\u00bboff\u00bb parallax_method=\u00bbon\u00bb background_position=\u00bbtop_left\u00bb background_repeat=\u00bbno-repeat\u00bb module_class=\u00bbmp_blurb_column\u00bb][et_pb_blurb title=\u00bbPlanificaci\u00f3n\u00bb url=\u00bb#\u00bb use_icon=\u00bbon\u00bb font_icon=\u00bb%%75%%\u00bb icon_color=\u00bb#ffffff\u00bb use_circle=\u00bbon\u00bb use_circle_border=\u00bbon\u00bb use_icon_font_size=\u00bbon\u00bb icon_font_size=\u00bb50px\u00bb module_class=\u00bbmp_blurb_icon_hover\u00bb _builder_version=\u00bb3.0.51&#8243; header_font_size=\u00bb24&#8243; header_text_color=\u00bb#666a74&#8243; animation=\u00bboff\u00bb custom_css_blurb_image=\u00bbtext-align: left;\u00bb custom_css_blurb_title=\u00bbfont-weight: 700;\u00bb custom_css_blurb_content=\u00bbfont-weight: 300;\u00bb]<\/p>\n<p>La sostenibilidad como base de la planificaci\u00f3n a todos los niveles: territoriales, urban\u00edsticos.<\/p>\n<p>[\/et_pb_blurb][\/et_pb_column_inner][\/et_pb_row_inner][et_pb_row_inner background_position_1=\u00bbtop_left\u00bb background_position_2=\u00bbtop_left\u00bb background_repeat_1=\u00bbno-repeat\u00bb background_repeat_2=\u00bbno-repeat\u00bb module_class_1=\u00bbmp_blurb_column\u00bb module_class_2=\u00bbmp_blurb_column\u00bb admin_label=\u00bbRow\u00bb _builder_version=\u00bb3.0.51&#8243;][et_pb_column_inner type=\u00bb1_2&#8243; saved_specialty_column_type=\u00bb2_3&#8243; _builder_version=\u00bb3.0.47&#8243; parallax=\u00bboff\u00bb parallax_method=\u00bbon\u00bb background_position=\u00bbtop_left\u00bb background_repeat=\u00bbno-repeat\u00bb module_class=\u00bbmp_blurb_column\u00bb][et_pb_blurb title=\u00bbActividades\u00bb url=\u00bb#\u00bb use_icon=\u00bbon\u00bb font_icon=\u00bb%%72%%\u00bb icon_color=\u00bb#ffffff\u00bb use_circle=\u00bbon\u00bb use_circle_border=\u00bbon\u00bb use_icon_font_size=\u00bbon\u00bb icon_font_size=\u00bb50px\u00bb module_class=\u00bbmp_blurb_icon_hover\u00bb _builder_version=\u00bb3.0.51&#8243; header_font_size=\u00bb24&#8243; header_text_color=\u00bb#666a74&#8243; animation=\u00bboff\u00bb custom_css_blurb_image=\u00bbtext-align: left;\u00bb custom_css_blurb_title=\u00bbfont-weight: 700;\u00bb custom_css_blurb_content=\u00bbfont-weight: 300;\u00bb]<\/p>\n<p>Dise\u00f1o de actividades sostenibles compatibles con la preservaci\u00f3n del medio y con el entorno como valor a\u00f1adido.<\/p>\n<p>[\/et_pb_blurb][\/et_pb_column_inner][et_pb_column_inner type=\u00bb1_2&#8243; saved_specialty_column_type=\u00bb2_3&#8243; _builder_version=\u00bb3.0.47&#8243; parallax=\u00bboff\u00bb parallax_method=\u00bbon\u00bb background_position=\u00bbtop_left\u00bb background_repeat=\u00bbno-repeat\u00bb module_class=\u00bbmp_blurb_column\u00bb][et_pb_blurb title=\u00bbComunicaci\u00f3n\u00bb url=\u00bb#\u00bb use_icon=\u00bbon\u00bb font_icon=\u00bb%%89%%\u00bb icon_color=\u00bb#ffffff\u00bb use_circle=\u00bbon\u00bb use_circle_border=\u00bbon\u00bb use_icon_font_size=\u00bbon\u00bb icon_font_size=\u00bb50px\u00bb module_class=\u00bbmp_blurb_icon_hover\u00bb _builder_version=\u00bb3.0.51&#8243; header_font_size=\u00bb24&#8243; header_text_color=\u00bb#666a74&#8243; animation=\u00bboff\u00bb custom_css_blurb_image=\u00bbtext-align: left;\u00bb custom_css_blurb_title=\u00bbfont-weight: 700;\u00bb custom_css_blurb_content=\u00bbfont-weight: 300;\u00bb]<\/p>\n<p>Incluir la sostenibilidad en el discurso aplicados a publicaciones, publicidad, educaci\u00f3n &#8230;<\/p>\n<p>[\/et_pb_blurb][\/et_pb_column_inner][\/et_pb_row_inner][et_pb_row_inner background_position_1=\u00bbtop_left\u00bb background_position_2=\u00bbtop_left\u00bb background_repeat_1=\u00bbno-repeat\u00bb background_repeat_2=\u00bbno-repeat\u00bb module_class_1=\u00bbmp_blurb_column\u00bb module_class_2=\u00bbmp_blurb_column\u00bb admin_label=\u00bbRow\u00bb _builder_version=\u00bb3.0.51&#8243;][et_pb_column_inner type=\u00bb1_2&#8243; saved_specialty_column_type=\u00bb2_3&#8243; _builder_version=\u00bb3.0.47&#8243; parallax=\u00bboff\u00bb parallax_method=\u00bbon\u00bb background_position=\u00bbtop_left\u00bb background_repeat=\u00bbno-repeat\u00bb module_class=\u00bbmp_blurb_column\u00bb][et_pb_blurb title=\u00bbDise\u00f1o\u00bb url=\u00bb#\u00bb use_icon=\u00bbon\u00bb font_icon=\u00bb%%103%%\u00bb icon_color=\u00bb#ffffff\u00bb use_circle=\u00bbon\u00bb use_circle_border=\u00bbon\u00bb use_icon_font_size=\u00bbon\u00bb icon_font_size=\u00bb50px\u00bb module_class=\u00bbmp_blurb_icon_hover\u00bb _builder_version=\u00bb3.0.51&#8243; header_font_size=\u00bb24&#8243; header_text_color=\u00bb#666a74&#8243; animation=\u00bboff\u00bb custom_css_blurb_image=\u00bbtext-align: left;\u00bb custom_css_blurb_title=\u00bbfont-weight: 700;\u00bb custom_css_blurb_content=\u00bbfont-weight: 300;\u00bb]<\/p>\n<p>Aplicar criterios de sostenibilidad e introducir la biodiversidad en el dise\u00f1o de espacios, en la redacci\u00f3n de proyectos, en las propuestas de ideas &#8230;<\/p>\n<p>[\/et_pb_blurb][\/et_pb_column_inner][et_pb_column_inner type=\u00bb1_2&#8243; saved_specialty_column_type=\u00bb2_3&#8243; _builder_version=\u00bb3.0.47&#8243; parallax=\u00bboff\u00bb parallax_method=\u00bbon\u00bb background_position=\u00bbtop_left\u00bb background_repeat=\u00bbno-repeat\u00bb module_class=\u00bbmp_blurb_column\u00bb][\/et_pb_column_inner][\/et_pb_row_inner][\/et_pb_column][\/et_pb_section]<\/p>\n","protected":false},"excerpt":{"rendered":"<p>Premio Plan Especial Urban\u00edstico del Centro de Tratamiento de Residuos de Bufalvent (Manresa, Catalunya) 2011 Premio de urbanismo de Catalunya. Acc\u00e9sit. La ordenaci\u00f3n urban\u00edstica del Parc Ambiental de Bufalvent del Consorci del Bages para la Gesti\u00f3n de Residuos ha sido reconocida en el marco de los premios que otorgan la Societat Catalana d&#8217; Orientaci\u00f3 del [&hellip;]<\/p>\n","protected":false},"author":1,"featured_media":208795,"comment_status":"closed","ping_status":"closed","template":"","meta":{"_et_pb_use_builder":"on","_et_pb_old_content":"","_et_gb_content_width":""},"project_category":[87,36],"project_tag":[],"_links":{"self":[{"href":"https:\/\/www.irbis.cat\/es\/wp-json\/wp\/v2\/project\/209227"}],"collection":[{"href":"https:\/\/www.irbis.cat\/es\/wp-json\/wp\/v2\/project"}],"about":[{"href":"https:\/\/www.irbis.cat\/es\/wp-json\/wp\/v2\/types\/project"}],"author":[{"embeddable":true,"href":"https:\/\/www.irbis.cat\/es\/wp-json\/wp\/v2\/users\/1"}],"replies":[{"embeddable":true,"href":"https:\/\/www.irbis.cat\/es\/wp-json\/wp\/v2\/comments?post=209227"}],"version-history":[{"count":35,"href":"https:\/\/www.irbis.cat\/es\/wp-json\/wp\/v2\/project\/209227\/revisions"}],"predecessor-version":[{"id":213831,"href":"https:\/\/www.irbis.cat\/es\/wp-json\/wp\/v2\/project\/209227\/revisions\/213831"}],"wp:featuredmedia":[{"embeddable":true,"href":"https:\/\/www.irbis.cat\/es\/wp-json\/wp\/v2\/media\/208795"}],"wp:attachment":[{"href":"https:\/\/www.irbis.cat\/es\/wp-json\/wp\/v2\/media?parent=209227"}],"wp:term":[{"taxonomy":"project_category","embeddable":true,"href":"https:\/\/www.irbis.cat\/es\/wp-json\/wp\/v2\/project_category?post=209227"},{"taxonomy":"project_tag","embeddable":true,"href":"https:\/\/www.irbis.cat\/es\/wp-json\/wp\/v2\/project_tag?post=209227"}],"curies":[{"name":"wp","href":"https:\/\/api.w.org\/{rel}","templated":true}]}}